{"id":901,"date":"2019-11-28T12:57:28","date_gmt":"2019-11-28T10:57:28","guid":{"rendered":"https:\/\/anny-klawa-morf.ch\/?page_id=901"},"modified":"2025-03-11T16:16:06","modified_gmt":"2025-03-11T15:16:06","slug":"renforcer-la-democratie","status":"publish","type":"page","link":"https:\/\/anny-klawa-morf.ch\/fr\/nos-themes\/renforcer-la-democratie\/","title":{"rendered":"Renforcer la d\u00e9mocratie"},"content":{"rendered":"\n<p>Une d\u00e9mocratie forte et dynamique est un objectif prioritaire de la Fondation Anny-Klawa-Morf. Mais les structures d\u00e9mocratiques semblent \u00eatre en danger: les fake news, les positions politiques extr\u00eames, mais \u00e9galement une insatisfaction croissante des citoyennes et des citoyens par rapport \u00e0 notre syst\u00e8me sont autant de signes que nous ne pouvons pas simplement consid\u00e9rer notre syst\u00e8me politique comme acquis. Nous devons renforcer et d\u00e9velopper notre d\u00e9mocratie afin de la d\u00e9fendre contre les tendances autocratiques.<\/p>\n\n\n\n<p>La d\u00e9mocratie nous concerne tous. C\u2019est pourquoi nous voulons d\u00e9velopper avec vous des propositions dans le cadre de d\u00e9bats, de rencontres et d\u2019\u00e9tudes afin de d\u00e9terminer comment nous pouvons am\u00e9liorer et renforcer notre d\u00e9mocratie.<\/p>\n","protected":false},"excerpt":{"rendered":"<p>Une d\u00e9mocratie forte et dynamique est un objectif prioritaire de la Fondation Anny-Klawa-Morf. Mais les structures d\u00e9mocratiques semblent \u00eatre en danger: les fake news, les positions politiques extr\u00eames, mais \u00e9galement une insatisfaction croissante des citoyennes et des citoyens par rapport \u00e0 notre syst\u00e8me sont autant de signes que nous ne pouvons pas simplement consid\u00e9rer notre [&hellip;]<\/p>\n","protected":false},"author":1,"featured_media":1682,"parent":65,"menu_order":0,"comment_status":"closed","ping_status":"closed","template":"pages\/template-pagebuilder.php","meta":{"footnotes":""},"class_list":["post-901","page","type-page","status-publish","has-post-thumbnail","hentry"],"aioseo_notices":[],"_links":{"self":[{"href":"https:\/\/anny-klawa-morf.ch\/fr\/wp-json\/wp\/v2\/pages\/901","targetHints":{"allow":["GET"]}}],"collection":[{"href":"https:\/\/anny-klawa-morf.ch\/fr\/wp-json\/wp\/v2\/pages"}],"about":[{"href":"https:\/\/anny-klawa-morf.ch\/fr\/wp-json\/wp\/v2\/types\/page"}],"author":[{"embeddable":true,"href":"https:\/\/anny-klawa-morf.ch\/fr\/wp-json\/wp\/v2\/users\/1"}],"replies":[{"embeddable":true,"href":"https:\/\/anny-klawa-morf.ch\/fr\/wp-json\/wp\/v2\/comments?post=901"}],"version-history":[{"count":12,"href":"https:\/\/anny-klawa-morf.ch\/fr\/wp-json\/wp\/v2\/pages\/901\/revisions"}],"predecessor-version":[{"id":7500,"href":"https:\/\/anny-klawa-morf.ch\/fr\/wp-json\/wp\/v2\/pages\/901\/revisions\/7500"}],"up":[{"embeddable":true,"href":"https:\/\/anny-klawa-morf.ch\/fr\/wp-json\/wp\/v2\/pages\/65"}],"wp:featuredmedia":[{"embeddable":true,"href":"https:\/\/anny-klawa-morf.ch\/fr\/wp-json\/wp\/v2\/media\/1682"}],"wp:attachment":[{"href":"https:\/\/anny-klawa-morf.ch\/fr\/wp-json\/wp\/v2\/media?parent=901"}],"curies":[{"name":"wp","href":"https:\/\/api.w.org\/{rel}","templated":true}]}}