{"id":43,"date":"2019-09-12T14:38:22","date_gmt":"2019-09-12T14:38:22","guid":{"rendered":"https:\/\/anny-klawa-morf.ch\/?page_id=43"},"modified":"2025-03-11T16:12:41","modified_gmt":"2025-03-11T15:12:41","slug":"disclaimer","status":"publish","type":"page","link":"https:\/\/anny-klawa-morf.ch\/fr\/disclaimer\/","title":{"rendered":"Disclaimer"},"content":{"rendered":"\n<h3 class=\"wp-block-heading\">Mentions l\u00e9gales<\/h3>\n\n\n\n<h3 class=\"wp-block-heading\">Responsabilit\u00e9<\/h3>\n\n\n\n<p>Ce site Internet est uniquement destin\u00e9 \u00e0 vous informer. La Fondation Anny-Klawa-Morf d\u00e9cline toute responsabilit\u00e9 pour l\u2019int\u00e9grit\u00e9 et l\u2019exactitude des informations publi\u00e9es ou pour les informations fournies par des tiers et qui sont accessibles depuis ce site Internet.<\/p>\n\n\n\n<h3 class=\"wp-block-heading\">Collecte et utilisation des informations<\/h3>\n\n\n\n<p>Lors de l\u2019acc\u00e8s au portail, diverses donn\u00e9es de connexion (p. ex. adresse IP, date et heure de la connexion, nom du fichier consult\u00e9, etc.) sont enregistr\u00e9es. Aucune \u00e9valuation des donn\u00e9es personnelles n\u2019est r\u00e9alis\u00e9e. \u00c0 des fins statistiques, les donn\u00e9es sont \u00e9valu\u00e9es de mani\u00e8re anonyme, par exemple pour d\u00e9terminer le nombre quotidien de visiteurs sur le site. Ces donn\u00e9es sont trait\u00e9es de mani\u00e8re strictement confidentielle et ne sont pas rendues accessibles \u00e0 des tiers, \u00e0 moins que la l\u00e9gislation en vigueur ou les autorit\u00e9s judiciaires comp\u00e9tentes l&rsquo;exigent.<\/p>\n\n\n\n<h3 class=\"wp-block-heading\">Cookies<\/h3>\n\n\n\n<p>Un petit fichier (appel\u00e9 \u00abcookie\u00bb) est enregistr\u00e9 sur l\u2019ordinateur de l\u2019utilisateur lors de sa visite sur le site. Ce fichier sert exclusivement \u00e0 d\u00e9terminer de mani\u00e8re anonyme le nombre des visiteurs.<\/p>\n\n\n\n<h3 class=\"wp-block-heading\">S\u00e9curit\u00e9 des donn\u00e9es<\/h3>\n\n\n\n<p>La s\u00e9curit\u00e9 des donn\u00e9es personnelles enregistr\u00e9es (p. ex. en relation avec l\u2019abonnement aux newsletters) est garantie.<\/p>\n\n\n\n<h3 class=\"wp-block-heading\">Google Analytics<\/h3>\n\n\n\n<p>Ce site utilise Google Analytics, un service d\u2019analyse des sites web de la soci\u00e9t\u00e9 Google Inc. (\u00abGoogle\u00bb). Google Analytics utilise des \u00abcookies\u00bb, des fichiers textes qui sont enregistr\u00e9s sur votre ordinateur et permettent une analyse de votre utilisation du site web. Les informations g\u00e9n\u00e9r\u00e9es par le cookie concernant votre utilisation de ce site web (y compris votre adresse IP) sont transmises \u00e0 un serveur de Google aux \u00c9tats-Unis et enregistr\u00e9es. Google utilisera ces informations pour \u00e9valuer votre utilisation du site web, compiler des rapports sur les activit\u00e9s du site web pour les exploitants du site web et fournir d\u2019autres services en rapport avec l\u2019utilisation du site web et d\u2019Internet. Le cas \u00e9ch\u00e9ant, Google communiquera \u00e9galement ces informations \u00e0 des tiers dans la mesure o\u00f9 la l\u00e9gislation l\u2019impose ou si des tiers traitent ces donn\u00e9es pour le compte de Google. En aucun cas Google ne mettra votre adresse IP en relation avec d\u2019autres donn\u00e9es de Google. Vous pouvez emp\u00eacher l\u2019installation des cookies par un r\u00e9glage correspondant de votre logiciel de navigation; nous attirons cependant votre attention sur le fait que toutes les fonctionnalit\u00e9s de ce site web ne pourront \u00e9ventuellement pas \u00eatre utilis\u00e9es dans leur int\u00e9gralit\u00e9. En utilisant ce site web, vous donnez express\u00e9ment votre accord pour le traitement des donn\u00e9es recueillies par Google \u00e0 votre sujet, de la mani\u00e8re d\u00e9crite ci-dessus et aux fins pr\u00e9c\u00e9demment cit\u00e9es. <\/p>\n\n\n<p><!--EndFragment--><\/p>","protected":false},"excerpt":{"rendered":"<p>Mentions l\u00e9gales Responsabilit\u00e9 Ce site Internet est uniquement destin\u00e9 \u00e0 vous informer. La Fondation Anny-Klawa-Morf d\u00e9cline toute responsabilit\u00e9 pour l\u2019int\u00e9grit\u00e9 et l\u2019exactitude des informations publi\u00e9es ou pour les informations fournies par des tiers et qui sont accessibles depuis ce site Internet. Collecte et utilisation des informations Lors de l\u2019acc\u00e8s au portail, diverses donn\u00e9es de connexion [&hellip;]<\/p>\n","protected":false},"author":1,"featured_media":0,"parent":0,"menu_order":0,"comment_status":"closed","ping_status":"closed","template":"","meta":{"footnotes":""},"class_list":["post-43","page","type-page","status-publish","hentry"],"aioseo_notices":[],"_links":{"self":[{"href":"https:\/\/anny-klawa-morf.ch\/fr\/wp-json\/wp\/v2\/pages\/43","targetHints":{"allow":["GET"]}}],"collection":[{"href":"https:\/\/anny-klawa-morf.ch\/fr\/wp-json\/wp\/v2\/pages"}],"about":[{"href":"https:\/\/anny-klawa-morf.ch\/fr\/wp-json\/wp\/v2\/types\/page"}],"author":[{"embeddable":true,"href":"https:\/\/anny-klawa-morf.ch\/fr\/wp-json\/wp\/v2\/users\/1"}],"replies":[{"embeddable":true,"href":"https:\/\/anny-klawa-morf.ch\/fr\/wp-json\/wp\/v2\/comments?post=43"}],"version-history":[{"count":9,"href":"https:\/\/anny-klawa-morf.ch\/fr\/wp-json\/wp\/v2\/pages\/43\/revisions"}],"predecessor-version":[{"id":7496,"href":"https:\/\/anny-klawa-morf.ch\/fr\/wp-json\/wp\/v2\/pages\/43\/revisions\/7496"}],"wp:attachment":[{"href":"https:\/\/anny-klawa-morf.ch\/fr\/wp-json\/wp\/v2\/media?parent=43"}],"curies":[{"name":"wp","href":"https:\/\/api.w.org\/{rel}","templated":true}]}}